{"version":"1.0","type":"rich","width":"560px","height":"140px","title":"Markus atmet schr\u00e4g - Diese Woche erfahrt ihr, wie das omin\u00f6se Festival bei Jans Familie war, warum die Anschl\u00fcsse an PCs so komische Farben haben, dass es erst Atomreaktoren und dann Menschen gab und ob man die Datumsgrenze f\u00fcr Zeitreisen benutzen kann.","url":"https:\/\/nnnuu.de\/folge-26-markus-atmet-schraeg\/","author_name":"Nerd, Nerd, Nerd & Uli - Nerds und eine Nicht-Nerdin reden \u00fcber nicht-ganz-so nerdigen Kram.","author_url":"https:\/\/nnnuu.de","thumbnail_url":"https:\/\/nnnuu.de\/wp-content\/uploads\/sites\/3\/2018\/12\/NNNUU-cover.jpg","html":"<iframe width=\"560px\" height=\"140px\" src=\"https:\/\/nnnuu.de\/folge-26-markus-atmet-schraeg\/?standalonePlayer\"><\/iframe>"}